{"version":"1.0","provider_name":"Egy\u00edzben","provider_url":"https:\/\/egyizbenblog.cafeblog.hu","author_name":"KokaDesign","author_url":"https:\/\/egyizbenblog.cafeblog.hu\/author\/kokadesign\/","title":"Boldog \u00daj \u00c9vet K\u00edv\u00e1nunk!","html":"<h2 style=\"clear: both;text-align: center\"><span style=\"background-color: black;color: #6fa8dc;font-family: Arial, Helvetica, sans-serif\"><br \/><\/span><\/h2><h2 style=\"clear: both;text-align: center\"><span style=\"background-color: black;color: #6fa8dc;font-family: Arial, Helvetica, sans-serif\">Boldog \u00daj \u00c9vet K\u00edv\u00e1nunk!<\/span><\/h2><div style=\"clear: both;text-align: center\"><a href=\"https:\/\/egyizbenblog.cafeblog.hu\/files\/2014\/12\/szilveszter_cikkbe.png\" style=\"margin-left: 1em;margin-right: 1em\"><img border=\"0\" src=\"https:\/\/egyizbenblog.cafeblog.hu\/files\/2014\/12\/szilveszter_cikkbe.png\" \/><\/a><\/div><div style=\"clear: both;text-align: center\"><br \/><\/div><div style=\"clear: both;text-align: center\"><br \/><\/div><div style=\"clear: both;text-align: left\"><span style=\"color: white;font-family: Arial, Helvetica, sans-serif\"><b style=\"background-color: black\">2014-ben t\u00f6bb mint 40 orsz\u00e1gb\u00f3l n\u00e9ztetek be hozz\u00e1nk ,rem\u00e9lj\u00fck 2015-ben m\u00e9g t\u00f6bb emberhez jutunk el!K\u00f6sz\u00f6nj\u00fck mindenkinek \u00e9s ezzel a dallal k\u00edv\u00e1nunk mindenkinek Boldog \u00daj \u00c9vet!<\/b><\/span><\/div><div style=\"clear: both;text-align: left\">&nbsp; &nbsp; &nbsp; &nbsp; &nbsp; &nbsp; &nbsp; &nbsp; &nbsp; &nbsp; &nbsp; &nbsp; &nbsp; &nbsp; &nbsp; &nbsp; &nbsp; &nbsp; &nbsp; &nbsp; &nbsp; &nbsp; &nbsp; &nbsp; &nbsp; &nbsp; &nbsp; &nbsp; &nbsp; &nbsp; &nbsp; &nbsp; &nbsp; &nbsp; &nbsp; &nbsp; &nbsp; &nbsp; &nbsp; &nbsp; &nbsp; &nbsp; &nbsp; &nbsp; &nbsp; &nbsp; &nbsp; &nbsp; &nbsp; &nbsp;&nbsp;<span style=\"color: white;font-family: Arial, Helvetica, sans-serif\"><b style=\"background-color: black\"> &nbsp;Az Egy\u00edzbenblog szerkeszt\u0151i:<\/b><\/span><\/div><div style=\"clear: both;text-align: right\"><span style=\"color: white;font-family: Arial, Helvetica, sans-serif\"><b style=\"background-color: black\">&nbsp;&nbsp;<\/b><\/span><b style=\"background-color: black;color: white;font-family: Arial, Helvetica, sans-serif\">Ildik\u00f3 \u00e9s Gyula &nbsp; &nbsp;&nbsp;<\/b><\/div><div style=\"clear: both;text-align: right\"><b style=\"background-color: black;color: white;font-family: Arial, Helvetica, sans-serif\"><br \/><\/b><\/div><div style=\"clear: both;text-align: center\"><object class codebase=\"http:\/\/download.macromedia.com\/pub\/shockwave\/cabs\/flash\/swflash.cab#version=6,0,40,0\" height=\"266\" width=\"320\"><param name=\"movie\" value=\"https:\/\/youtube.googleapis.com\/v\/3Uo0JAUWijM&amp;source=uds\" \/><param name=\"bgcolor\" value=\"#FFFFFF\" \/><param name=\"allowFullScreen\" value=\"true\" \/><embed width=\"320\" height=\"266\" src=\"https:\/\/youtube.googleapis.com\/v\/3Uo0JAUWijM&amp;source=uds\" type=\"application\/x-shockwave-flash\" allowfullscreen=\"true\"><\/embed><\/object><\/div><div style=\"clear: both;text-align: center\"><br \/><\/div>","type":"rich","thumbnail_url":"https:\/\/egyizbenblog.cafeblog.hu\/files\/2014\/12\/szilveszter_cikkbe-150x150.png","thumbnail_width":150,"thumbnail_height":150}